{"id":836,"date":"2025-01-29T13:01:52","date_gmt":"2025-01-29T12:01:52","guid":{"rendered":"https:\/\/inyeccion.apphoto.es\/?page_id=836"},"modified":"2025-01-29T13:16:47","modified_gmt":"2025-01-29T12:16:47","slug":"sostenibilidad","status":"publish","type":"page","link":"https:\/\/inyeccion.apphoto.es\/ca\/sostenibilidad\/","title":{"rendered":"Sostenibilitat"},"content":{"rendered":"<div data-elementor-type=\"wp-page\" data-elementor-id=\"836\" class=\"elementor elementor-836\" data-elementor-post-type=\"page\">\n\t\t\t\t<div class=\"elementor-element elementor-element-cc61524 e-flex e-con-boxed e-con e-parent\" data-id=\"cc61524\" data-element_type=\"container\" data-e-type=\"container\" data-settings=\"{&quot;background_background&quot;:&quot;classic&quot;}\">\n\t\t\t\t\t<div class=\"e-con-inner\">\n\t\t\t\t<div class=\"elementor-element elementor-element-6888c67 elementor-widget elementor-widget-heading\" data-id=\"6888c67\" data-element_type=\"widget\" data-e-type=\"widget\" data-widget_type=\"heading.default\">\n\t\t\t\t\t<h1 class=\"elementor-heading-title elementor-size-default\">Sostenibilitat<\/h1>\t\t\t\t<\/div>\n\t\t\t\t<div class=\"elementor-element elementor-element-292d9bf elementor-widget elementor-widget-heading\" data-id=\"292d9bf\" data-element_type=\"widget\" data-e-type=\"widget\" data-widget_type=\"heading.default\">\n\t\t\t\t\t<h2 class=\"elementor-heading-title elementor-size-default\">Comprom\u00eds amb el medi ambient<\/h2>\t\t\t\t<\/div>\n\t\t\t\t<div class=\"elementor-element elementor-element-b10ed6a elementor-widget__width-initial elementor-widget elementor-widget-text-editor\" data-id=\"b10ed6a\" data-element_type=\"widget\" data-e-type=\"widget\" data-widget_type=\"text-editor.default\">\n\t\t\t\t\t\t\t\t\t<p>A AP Photo, estem compromesos amb la sostenibilitat i l&#039;efici\u00e8ncia en els nostres processos productius. Implementem solucions innovadores que redueixen limpacte ambiental sense comprometre la qualitat de les nostres peces.<\/p>\t\t\t\t\t\t\t\t<\/div>\n\t\t\t\t\t<\/div>\n\t\t\t\t<\/div>\n\t\t<div class=\"elementor-element elementor-element-023e595 e-flex e-con-boxed e-con e-parent\" data-id=\"023e595\" data-element_type=\"container\" data-e-type=\"container\">\n\t\t\t\t\t<div class=\"e-con-inner\">\n\t\t<div class=\"elementor-element elementor-element-e51fe42 e-con-full e-flex e-con e-child\" data-id=\"e51fe42\" data-element_type=\"container\" data-e-type=\"container\">\n\t\t\t\t<div class=\"elementor-element elementor-element-28e0839 elementor-widget elementor-widget-image\" data-id=\"28e0839\" data-element_type=\"widget\" data-e-type=\"widget\" data-widget_type=\"image.default\">\n\t\t\t\t\t\t\t\t\t\t\t\t\t\t\t<img fetchpriority=\"high\" decoding=\"async\" width=\"768\" height=\"652\" src=\"https:\/\/inyeccion.apphoto.es\/wp-content\/uploads\/2025\/01\/Economia-circular-768x652.webp\" class=\"attachment-medium_large size-medium_large wp-image-381\" alt=\"\" srcset=\"https:\/\/inyeccion.apphoto.es\/wp-content\/uploads\/2025\/01\/Economia-circular-768x652.webp 768w, https:\/\/inyeccion.apphoto.es\/wp-content\/uploads\/2025\/01\/Economia-circular-300x255.webp 300w, https:\/\/inyeccion.apphoto.es\/wp-content\/uploads\/2025\/01\/Economia-circular-1024x869.webp 1024w, https:\/\/inyeccion.apphoto.es\/wp-content\/uploads\/2025\/01\/Economia-circular.webp 1092w\" sizes=\"(max-width: 768px) 100vw, 768px\" \/>\t\t\t\t\t\t\t\t\t\t\t\t\t\t\t<\/div>\n\t\t<div class=\"elementor-element elementor-element-c61e581 e-con-full e-flex e-con e-child\" data-id=\"c61e581\" data-element_type=\"container\" data-e-type=\"container\">\n\t\t\t\t<div class=\"elementor-element elementor-element-d392c27 elementor-widget-tablet__width-inherit elementor-widget elementor-widget-heading\" data-id=\"d392c27\" data-element_type=\"widget\" data-e-type=\"widget\" data-widget_type=\"heading.default\">\n\t\t\t\t\t<h2 class=\"elementor-heading-title elementor-size-default\">Processos responsables amb el medi ambient<\/h2>\t\t\t\t<\/div>\n\t\t\t\t<div class=\"elementor-element elementor-element-7caf18d elementor-widget elementor-widget-text-editor\" data-id=\"7caf18d\" data-element_type=\"widget\" data-e-type=\"widget\" data-widget_type=\"text-editor.default\">\n\t\t\t\t\t\t\t\t\t<p>Davant dels desafiaments que afrontem globalment, volem ser part de la soluci\u00f3. Per aix\u00f2 treballem amb els principis de la <strong>economia circular<\/strong>. Perqu\u00e8 les peces que fabriquem ajudin a construir un futur sostenible.<\/p>\t\t\t\t\t\t\t\t<\/div>\n\t\t\t\t<\/div>\n\t\t\t\t<\/div>\n\t\t\t\t\t<\/div>\n\t\t\t\t<\/div>\n\t\t<div class=\"elementor-element elementor-element-7ed2702 e-flex e-con-boxed e-con e-parent\" data-id=\"7ed2702\" data-element_type=\"container\" data-e-type=\"container\">\n\t\t\t\t\t<div class=\"e-con-inner\">\n\t\t<div class=\"elementor-element elementor-element-c85f03f e-con-full e-flex e-con e-child\" data-id=\"c85f03f\" data-element_type=\"container\" data-e-type=\"container\">\n\t\t\t\t<div class=\"elementor-element elementor-element-501958e elementor-widget-tablet__width-inherit elementor-widget elementor-widget-heading\" data-id=\"501958e\" data-element_type=\"widget\" data-e-type=\"widget\" data-widget_type=\"heading.default\">\n\t\t\t\t\t<h3 class=\"elementor-heading-title elementor-size-default\">1. Circuit de Refrigeraci\u00f3 Tancat: Zero Consum d&#039;Aigua<\/h3>\t\t\t\t<\/div>\n\t\t\t\t<div class=\"elementor-element elementor-element-054f9ba elementor-widget elementor-widget-text-editor\" data-id=\"054f9ba\" data-element_type=\"widget\" data-e-type=\"widget\" data-widget_type=\"text-editor.default\">\n\t\t\t\t\t\t\t\t\t<p>Les nostres instal\u00b7lacions compten amb un <strong>sistema de refrigeraci\u00f3 tancat<\/strong>, el que significa que <strong>no hi ha consum ni rebuig d&#039;aigua<\/strong>. L&#039;aigua utilitzada en el proc\u00e9s de refredament es <strong>reutilitza cont\u00ednuament<\/strong>, sense intercanvi amb l&#039;aire, cosa que ens permet minimitzar l&#039;impacte ambiental i optimitzar els recursos.<\/p>\t\t\t\t\t\t\t\t<\/div>\n\t\t\t\t<\/div>\n\t\t<div class=\"elementor-element elementor-element-e512779 e-con-full e-flex e-con e-child\" data-id=\"e512779\" data-element_type=\"container\" data-e-type=\"container\">\n\t\t\t\t<div class=\"elementor-element elementor-element-6bb74d3 elementor-widget-tablet__width-inherit elementor-widget elementor-widget-heading\" data-id=\"6bb74d3\" data-element_type=\"widget\" data-e-type=\"widget\" data-widget_type=\"heading.default\">\n\t\t\t\t\t<h3 class=\"elementor-heading-title elementor-size-default\">2. \u00das Eficient de l&#039;Aire Comprimit<\/h3>\t\t\t\t<\/div>\n\t\t\t\t<div class=\"elementor-element elementor-element-c7394c9 elementor-widget elementor-widget-text-editor\" data-id=\"c7394c9\" data-element_type=\"widget\" data-e-type=\"widget\" data-widget_type=\"text-editor.default\">\n\t\t\t\t\t\t\t\t\t<p>El nostre sistema de <strong>aire comprimit<\/strong> garanteix un subministrament eficient per a m\u00e0quines d&#039;injecci\u00f3, reduint el consum energ\u00e8tic i millorant l&#039;efic\u00e0cia del proc\u00e9s productiu.<\/p>\t\t\t\t\t\t\t\t<\/div>\n\t\t\t\t<\/div>\n\t\t<div class=\"elementor-element elementor-element-06db162 e-con-full e-flex e-con e-child\" data-id=\"06db162\" data-element_type=\"container\" data-e-type=\"container\">\n\t\t\t\t<div class=\"elementor-element elementor-element-91d6d28 elementor-widget-tablet__width-inherit elementor-widget elementor-widget-heading\" data-id=\"91d6d28\" data-element_type=\"widget\" data-e-type=\"widget\" data-widget_type=\"heading.default\">\n\t\t\t\t\t<h3 class=\"elementor-heading-title elementor-size-default\">3. Reducci\u00f3 de Rebuigs amb Dosificadors de Colorant<\/h3>\t\t\t\t<\/div>\n\t\t\t\t<div class=\"elementor-element elementor-element-b973285 elementor-widget elementor-widget-text-editor\" data-id=\"b973285\" data-element_type=\"widget\" data-e-type=\"widget\" data-widget_type=\"text-editor.default\">\n\t\t\t\t\t\t\t\t\t<p>Totes les nostres m\u00e0quines estan equipades amb <strong>dosificadors de colorant<\/strong>, el que ens permet fabricar peces en diferents colors sense generar deixalles innecess\u00e0ries. Aquest sistema optimitza l\u201f\u00fas del colorant i redueix l\u201fimpacte ambiental.<\/p>\t\t\t\t\t\t\t\t<\/div>\n\t\t\t\t<\/div>\n\t\t<div class=\"elementor-element elementor-element-cd418ae e-con-full e-flex e-con e-child\" data-id=\"cd418ae\" data-element_type=\"container\" data-e-type=\"container\">\n\t\t\t\t<div class=\"elementor-element elementor-element-7e18c96 elementor-widget-tablet__width-inherit elementor-widget elementor-widget-heading\" data-id=\"7e18c96\" data-element_type=\"widget\" data-e-type=\"widget\" data-widget_type=\"heading.default\">\n\t\t\t\t\t<h3 class=\"elementor-heading-title elementor-size-default\">4. Assecadores de Materials T\u00e8cnics: Optimitzaci\u00f3 de la Producci\u00f3<\/h3>\t\t\t\t<\/div>\n\t\t\t\t<div class=\"elementor-element elementor-element-0e36177 elementor-widget elementor-widget-text-editor\" data-id=\"0e36177\" data-element_type=\"widget\" data-e-type=\"widget\" data-widget_type=\"text-editor.default\">\n\t\t\t\t\t\t\t\t\t<p>Els pl\u00e0stics t\u00e8cnics que utilitzem a la injecci\u00f3 s\u00f3n <strong>higrosc\u00f2pics<\/strong>, el que significa que absorbeixen humitat. Per garantir la millor qualitat a les nostres peces, comptem amb <strong>assecadores especialitzades<\/strong> que eliminen la humitat daquests materials abans del seu processament, assegurant el seu rendiment \u00f2ptim.<\/p>\t\t\t\t\t\t\t\t<\/div>\n\t\t\t\t<\/div>\n\t\t<div class=\"elementor-element elementor-element-42003c5 e-con-full e-flex e-con e-child\" data-id=\"42003c5\" data-element_type=\"container\" data-e-type=\"container\">\n\t\t\t\t<div class=\"elementor-element elementor-element-8fc40db elementor-widget-tablet__width-inherit elementor-widget elementor-widget-heading\" data-id=\"8fc40db\" data-element_type=\"widget\" data-e-type=\"widget\" data-widget_type=\"heading.default\">\n\t\t\t\t\t<h3 class=\"elementor-heading-title elementor-size-default\">5. Instal\u00b7lacions Subterr\u00e0nies per a un Entorn m\u00e9s Net<\/h3>\t\t\t\t<\/div>\n\t\t\t\t<div class=\"elementor-element elementor-element-7ee4cf6 elementor-widget elementor-widget-text-editor\" data-id=\"7ee4cf6\" data-element_type=\"widget\" data-e-type=\"widget\" data-widget_type=\"text-editor.default\">\n\t\t\t\t\t\t\t\t\t<p>Les nostres instal\u00b7lacions estan dissenyades per a la <strong>m\u00e0xima efici\u00e8ncia i seguretat<\/strong>. En tenir la infraestructura el\u00e8ctrica i de canonades <strong>per sota del terra<\/strong>, aconseguim un espai de treball m\u00e9s net i ordenat, lliure de cables visibles, millorant la seguretat i l&#039;organitzaci\u00f3.<\/p>\t\t\t\t\t\t\t\t<\/div>\n\t\t\t\t<\/div>\n\t\t<div class=\"elementor-element elementor-element-d47909c e-con-full e-flex e-con e-child\" data-id=\"d47909c\" data-element_type=\"container\" data-e-type=\"container\">\n\t\t\t\t<div class=\"elementor-element elementor-element-612e84f elementor-widget-tablet__width-inherit elementor-widget elementor-widget-heading\" data-id=\"612e84f\" data-element_type=\"widget\" data-e-type=\"widget\" data-widget_type=\"heading.default\">\n\t\t\t\t\t<h3 class=\"elementor-heading-title elementor-size-default\">6. Reciclatge i Reutilitzaci\u00f3 de Materials<\/h3>\t\t\t\t<\/div>\n\t\t\t\t<div class=\"elementor-element elementor-element-e3058ff elementor-widget elementor-widget-text-editor\" data-id=\"e3058ff\" data-element_type=\"widget\" data-e-type=\"widget\" data-widget_type=\"text-editor.default\">\n\t\t\t\t\t\t\t\t\t<p>Ens assegurem que <strong>cap material es desaprofiti<\/strong>. Tot el pl\u00e0stic sobrant es <strong>recicla i reutilitza<\/strong> en els nostres processos de producci\u00f3, reduint aix\u00ed la generaci\u00f3 de residus.<\/p>\t\t\t\t\t\t\t\t<\/div>\n\t\t\t\t<\/div>\n\t\t<div class=\"elementor-element elementor-element-d713fbb e-con-full e-flex e-con e-child\" data-id=\"d713fbb\" data-element_type=\"container\" data-e-type=\"container\">\n\t\t\t\t<div class=\"elementor-element elementor-element-fed7398 elementor-widget-tablet__width-inherit elementor-widget elementor-widget-heading\" data-id=\"fed7398\" data-element_type=\"widget\" data-e-type=\"widget\" data-widget_type=\"heading.default\">\n\t\t\t\t\t<h3 class=\"elementor-heading-title elementor-size-default\">7. Separaci\u00f3 Autom\u00e0tica de Material per a Reciclatge<\/h3>\t\t\t\t<\/div>\n\t\t\t\t<div class=\"elementor-element elementor-element-3100a43 elementor-widget elementor-widget-text-editor\" data-id=\"3100a43\" data-element_type=\"widget\" data-e-type=\"widget\" data-widget_type=\"text-editor.default\">\n\t\t\t\t\t\t\t\t\t<p>Comptem amb <strong>cintes transportadores amb separadors de colades<\/strong>, que faciliten la recol\u00b7lecci\u00f3 i classificaci\u00f3 de les restes de material injectat per al seu posterior reciclatge, tancant el cicle productiu i minimitzant els residus pl\u00e0stics.<\/p>\t\t\t\t\t\t\t\t<\/div>\n\t\t\t\t<\/div>\n\t\t\t\t\t<\/div>\n\t\t\t\t<\/div>\n\t\t<div class=\"elementor-element elementor-element-108878c e-flex e-con-boxed e-con e-parent\" data-id=\"108878c\" data-element_type=\"container\" data-e-type=\"container\">\n\t\t\t\t\t<div class=\"e-con-inner\">\n\t\t<div class=\"elementor-element elementor-element-0c73b52 e-con-full e-flex e-con e-child\" data-id=\"0c73b52\" data-element_type=\"container\" data-e-type=\"container\" data-settings=\"{&quot;background_background&quot;:&quot;classic&quot;}\">\n\t\t<div class=\"elementor-element elementor-element-e0a435f e-flex e-con-boxed e-con e-child\" data-id=\"e0a435f\" data-element_type=\"container\" data-e-type=\"container\">\n\t\t\t\t\t<div class=\"e-con-inner\">\n\t\t\t\t<div class=\"elementor-element elementor-element-4b395f4 elementor-widget-tablet__width-inherit elementor-widget elementor-widget-heading\" data-id=\"4b395f4\" data-element_type=\"widget\" data-e-type=\"widget\" data-widget_type=\"heading.default\">\n\t\t\t\t\t<h2 class=\"elementor-heading-title elementor-size-default\">Un Futur m\u00e9s Sostenible<\/h2>\t\t\t\t<\/div>\n\t\t\t\t<div class=\"elementor-element elementor-element-5eaa91e elementor-widget elementor-widget-text-editor\" data-id=\"5eaa91e\" data-element_type=\"widget\" data-e-type=\"widget\" data-widget_type=\"text-editor.default\">\n\t\t\t\t\t\t\t\t\t<p>A AP Photo, seguim innovant i adoptant noves tecnologies per fer la nostra producci\u00f3 m\u00e9s <strong>eficient, responsable i sostenible<\/strong>. El nostre objectiu \u00e9s continuar oferint productes d&#039;alta qualitat mentre redu\u00efm el nostre impacte al medi ambient.<\/p>\t\t\t\t\t\t\t\t<\/div>\n\t\t\t\t\t<\/div>\n\t\t\t\t<\/div>\n\t\t\t\t<\/div>\n\t\t\t\t\t<\/div>\n\t\t\t\t<\/div>\n\t\t\t\t<\/div>","protected":false},"excerpt":{"rendered":"<p>Sostenibilidad Compromiso con el medio ambiente En AP Photo, estamos comprometidos con la sostenibilidad y la eficiencia en nuestros procesos productivos. Implementamos soluciones innovadoras que reducen el impacto ambiental sin comprometer la calidad de nuestras piezas. Procesos responsables con el medio ambiente Ante los desaf\u00edos que afrontamos globalmente, queremos ser parte de la soluci\u00f3n. Por [&hellip;]<\/p>\n","protected":false},"author":2,"featured_media":0,"parent":0,"menu_order":0,"comment_status":"closed","ping_status":"closed","template":"elementor_header_footer","meta":{"footnotes":""},"class_list":["post-836","page","type-page","status-publish","hentry"],"_links":{"self":[{"href":"https:\/\/inyeccion.apphoto.es\/ca\/wp-json\/wp\/v2\/pages\/836","targetHints":{"allow":["GET"]}}],"collection":[{"href":"https:\/\/inyeccion.apphoto.es\/ca\/wp-json\/wp\/v2\/pages"}],"about":[{"href":"https:\/\/inyeccion.apphoto.es\/ca\/wp-json\/wp\/v2\/types\/page"}],"author":[{"embeddable":true,"href":"https:\/\/inyeccion.apphoto.es\/ca\/wp-json\/wp\/v2\/users\/2"}],"replies":[{"embeddable":true,"href":"https:\/\/inyeccion.apphoto.es\/ca\/wp-json\/wp\/v2\/comments?post=836"}],"version-history":[{"count":4,"href":"https:\/\/inyeccion.apphoto.es\/ca\/wp-json\/wp\/v2\/pages\/836\/revisions"}],"predecessor-version":[{"id":847,"href":"https:\/\/inyeccion.apphoto.es\/ca\/wp-json\/wp\/v2\/pages\/836\/revisions\/847"}],"wp:attachment":[{"href":"https:\/\/inyeccion.apphoto.es\/ca\/wp-json\/wp\/v2\/media?parent=836"}],"curies":[{"name":"wp","href":"https:\/\/api.w.org\/{rel}","templated":true}]}}