{"id":836,"date":"2025-01-29T13:01:52","date_gmt":"2025-01-29T12:01:52","guid":{"rendered":"https:\/\/inyeccion.apphoto.es\/?page_id=836"},"modified":"2025-01-29T13:16:47","modified_gmt":"2025-01-29T12:16:47","slug":"sostenibilidad","status":"publish","type":"page","link":"https:\/\/inyeccion.apphoto.es\/fr\/sostenibilidad\/","title":{"rendered":"Durabilit\u00e9"},"content":{"rendered":"<div data-elementor-type=\"wp-page\" data-elementor-id=\"836\" class=\"elementor elementor-836\" data-elementor-post-type=\"page\">\n\t\t\t\t<div class=\"elementor-element elementor-element-cc61524 e-flex e-con-boxed e-con e-parent\" data-id=\"cc61524\" data-element_type=\"container\" data-e-type=\"container\" data-settings=\"{&quot;background_background&quot;:&quot;classic&quot;}\">\n\t\t\t\t\t<div class=\"e-con-inner\">\n\t\t\t\t<div class=\"elementor-element elementor-element-6888c67 elementor-widget elementor-widget-heading\" data-id=\"6888c67\" data-element_type=\"widget\" data-e-type=\"widget\" data-widget_type=\"heading.default\">\n\t\t\t\t\t<h1 class=\"elementor-heading-title elementor-size-default\">Durabilit\u00e9<\/h1>\t\t\t\t<\/div>\n\t\t\t\t<div class=\"elementor-element elementor-element-292d9bf elementor-widget elementor-widget-heading\" data-id=\"292d9bf\" data-element_type=\"widget\" data-e-type=\"widget\" data-widget_type=\"heading.default\">\n\t\t\t\t\t<h2 class=\"elementor-heading-title elementor-size-default\">Engagement envers l&#039;environnement<\/h2>\t\t\t\t<\/div>\n\t\t\t\t<div class=\"elementor-element elementor-element-b10ed6a elementor-widget__width-initial elementor-widget elementor-widget-text-editor\" data-id=\"b10ed6a\" data-element_type=\"widget\" data-e-type=\"widget\" data-widget_type=\"text-editor.default\">\n\t\t\t\t\t\t\t\t\t<p>Chez AP Photo, nous nous engageons \u00e0 assurer la durabilit\u00e9 et l\u2019efficacit\u00e9 de nos processus de production. Nous mettons en \u0153uvre des solutions innovantes qui r\u00e9duisent l\u2019impact environnemental sans compromettre la qualit\u00e9 de nos pi\u00e8ces.<\/p>\t\t\t\t\t\t\t\t<\/div>\n\t\t\t\t\t<\/div>\n\t\t\t\t<\/div>\n\t\t<div class=\"elementor-element elementor-element-023e595 e-flex e-con-boxed e-con e-parent\" data-id=\"023e595\" data-element_type=\"container\" data-e-type=\"container\">\n\t\t\t\t\t<div class=\"e-con-inner\">\n\t\t<div class=\"elementor-element elementor-element-e51fe42 e-con-full e-flex e-con e-child\" data-id=\"e51fe42\" data-element_type=\"container\" data-e-type=\"container\">\n\t\t\t\t<div class=\"elementor-element elementor-element-28e0839 elementor-widget elementor-widget-image\" data-id=\"28e0839\" data-element_type=\"widget\" data-e-type=\"widget\" data-widget_type=\"image.default\">\n\t\t\t\t\t\t\t\t\t\t\t\t\t\t\t<img fetchpriority=\"high\" decoding=\"async\" width=\"768\" height=\"652\" src=\"https:\/\/inyeccion.apphoto.es\/wp-content\/uploads\/2025\/01\/Economia-circular-768x652.webp\" class=\"attachment-medium_large size-medium_large wp-image-381\" alt=\"\" srcset=\"https:\/\/inyeccion.apphoto.es\/wp-content\/uploads\/2025\/01\/Economia-circular-768x652.webp 768w, https:\/\/inyeccion.apphoto.es\/wp-content\/uploads\/2025\/01\/Economia-circular-300x255.webp 300w, https:\/\/inyeccion.apphoto.es\/wp-content\/uploads\/2025\/01\/Economia-circular-1024x869.webp 1024w, https:\/\/inyeccion.apphoto.es\/wp-content\/uploads\/2025\/01\/Economia-circular.webp 1092w\" sizes=\"(max-width: 768px) 100vw, 768px\" \/>\t\t\t\t\t\t\t\t\t\t\t\t\t\t\t<\/div>\n\t\t<div class=\"elementor-element elementor-element-c61e581 e-con-full e-flex e-con e-child\" data-id=\"c61e581\" data-element_type=\"container\" data-e-type=\"container\">\n\t\t\t\t<div class=\"elementor-element elementor-element-d392c27 elementor-widget-tablet__width-inherit elementor-widget elementor-widget-heading\" data-id=\"d392c27\" data-element_type=\"widget\" data-e-type=\"widget\" data-widget_type=\"heading.default\">\n\t\t\t\t\t<h2 class=\"elementor-heading-title elementor-size-default\">Des proc\u00e9d\u00e9s respectueux de l&#039;environnement<\/h2>\t\t\t\t<\/div>\n\t\t\t\t<div class=\"elementor-element elementor-element-7caf18d elementor-widget elementor-widget-text-editor\" data-id=\"7caf18d\" data-element_type=\"widget\" data-e-type=\"widget\" data-widget_type=\"text-editor.default\">\n\t\t\t\t\t\t\t\t\t<p>Compte tenu des d\u00e9fis auxquels nous sommes confront\u00e9s \u00e0 l\u2019\u00e9chelle mondiale, nous voulons faire partie de la solution. C&#039;est pourquoi nous travaillons avec les principes de la <strong>\u00e9conomie circulaire<\/strong>. Pour que les pi\u00e8ces que nous fabriquons contribuent \u00e0 construire un avenir durable.<\/p>\t\t\t\t\t\t\t\t<\/div>\n\t\t\t\t<\/div>\n\t\t\t\t<\/div>\n\t\t\t\t\t<\/div>\n\t\t\t\t<\/div>\n\t\t<div class=\"elementor-element elementor-element-7ed2702 e-flex e-con-boxed e-con e-parent\" data-id=\"7ed2702\" data-element_type=\"container\" data-e-type=\"container\">\n\t\t\t\t\t<div class=\"e-con-inner\">\n\t\t<div class=\"elementor-element elementor-element-c85f03f e-con-full e-flex e-con e-child\" data-id=\"c85f03f\" data-element_type=\"container\" data-e-type=\"container\">\n\t\t\t\t<div class=\"elementor-element elementor-element-501958e elementor-widget-tablet__width-inherit elementor-widget elementor-widget-heading\" data-id=\"501958e\" data-element_type=\"widget\" data-e-type=\"widget\" data-widget_type=\"heading.default\">\n\t\t\t\t\t<h3 class=\"elementor-heading-title elementor-size-default\">1. Circuit de refroidissement ferm\u00e9 : z\u00e9ro consommation d&#039;eau<\/h3>\t\t\t\t<\/div>\n\t\t\t\t<div class=\"elementor-element elementor-element-054f9ba elementor-widget elementor-widget-text-editor\" data-id=\"054f9ba\" data-element_type=\"widget\" data-e-type=\"widget\" data-widget_type=\"text-editor.default\">\n\t\t\t\t\t\t\t\t\t<p>Nos installations disposent d&#039;un <strong>syst\u00e8me de refroidissement ferm\u00e9<\/strong>, ce qui signifie que <strong>il n&#039;y a pas de consommation ni de gaspillage d&#039;eau<\/strong>. L&#039;eau utilis\u00e9e dans le processus de refroidissement est <strong>r\u00e9utilise continuellement<\/strong>, sans \u00e9change avec l&#039;air, ce qui nous permet de minimiser l&#039;impact environnemental et d&#039;optimiser les ressources.<\/p>\t\t\t\t\t\t\t\t<\/div>\n\t\t\t\t<\/div>\n\t\t<div class=\"elementor-element elementor-element-e512779 e-con-full e-flex e-con e-child\" data-id=\"e512779\" data-element_type=\"container\" data-e-type=\"container\">\n\t\t\t\t<div class=\"elementor-element elementor-element-6bb74d3 elementor-widget-tablet__width-inherit elementor-widget elementor-widget-heading\" data-id=\"6bb74d3\" data-element_type=\"widget\" data-e-type=\"widget\" data-widget_type=\"heading.default\">\n\t\t\t\t\t<h3 class=\"elementor-heading-title elementor-size-default\">2. Utilisation efficace de l&#039;air comprim\u00e9<\/h3>\t\t\t\t<\/div>\n\t\t\t\t<div class=\"elementor-element elementor-element-c7394c9 elementor-widget elementor-widget-text-editor\" data-id=\"c7394c9\" data-element_type=\"widget\" data-e-type=\"widget\" data-widget_type=\"text-editor.default\">\n\t\t\t\t\t\t\t\t\t<p>Notre syst\u00e8me de <strong>air comprim\u00e9<\/strong> garantit une alimentation efficace des machines d&#039;injection, r\u00e9duisant la consommation d&#039;\u00e9nergie et am\u00e9liorant l&#039;efficacit\u00e9 du processus de production.<\/p>\t\t\t\t\t\t\t\t<\/div>\n\t\t\t\t<\/div>\n\t\t<div class=\"elementor-element elementor-element-06db162 e-con-full e-flex e-con e-child\" data-id=\"06db162\" data-element_type=\"container\" data-e-type=\"container\">\n\t\t\t\t<div class=\"elementor-element elementor-element-91d6d28 elementor-widget-tablet__width-inherit elementor-widget elementor-widget-heading\" data-id=\"91d6d28\" data-element_type=\"widget\" data-e-type=\"widget\" data-widget_type=\"heading.default\">\n\t\t\t\t\t<h3 class=\"elementor-heading-title elementor-size-default\">3. R\u00e9duction des d\u00e9chets gr\u00e2ce aux distributeurs de colorants<\/h3>\t\t\t\t<\/div>\n\t\t\t\t<div class=\"elementor-element elementor-element-b973285 elementor-widget elementor-widget-text-editor\" data-id=\"b973285\" data-element_type=\"widget\" data-e-type=\"widget\" data-widget_type=\"text-editor.default\">\n\t\t\t\t\t\t\t\t\t<p>Toutes nos machines sont \u00e9quip\u00e9es de <strong>distributeurs de colorants<\/strong>, ce qui nous permet de fabriquer des pi\u00e8ces de diff\u00e9rentes couleurs sans g\u00e9n\u00e9rer de d\u00e9chets inutiles. Ce syst\u00e8me optimise l\u2019utilisation du colorant et r\u00e9duit l\u2019impact environnemental.<\/p>\t\t\t\t\t\t\t\t<\/div>\n\t\t\t\t<\/div>\n\t\t<div class=\"elementor-element elementor-element-cd418ae e-con-full e-flex e-con e-child\" data-id=\"cd418ae\" data-element_type=\"container\" data-e-type=\"container\">\n\t\t\t\t<div class=\"elementor-element elementor-element-7e18c96 elementor-widget-tablet__width-inherit elementor-widget elementor-widget-heading\" data-id=\"7e18c96\" data-element_type=\"widget\" data-e-type=\"widget\" data-widget_type=\"heading.default\">\n\t\t\t\t\t<h3 class=\"elementor-heading-title elementor-size-default\">4. S\u00e9choirs de mat\u00e9riaux techniques\u00a0: optimisation de la production<\/h3>\t\t\t\t<\/div>\n\t\t\t\t<div class=\"elementor-element elementor-element-0e36177 elementor-widget elementor-widget-text-editor\" data-id=\"0e36177\" data-element_type=\"widget\" data-e-type=\"widget\" data-widget_type=\"text-editor.default\">\n\t\t\t\t\t\t\t\t\t<p>Les plastiques techniques que nous utilisons en injection sont <strong>hygroscopique<\/strong>, ce qui signifie qu&#039;ils absorbent l&#039;humidit\u00e9. Pour garantir la meilleure qualit\u00e9 de nos pi\u00e8ces, nous avons <strong>s\u00e9choirs sp\u00e9cialis\u00e9s<\/strong> qui \u00e9liminent l&#039;humidit\u00e9 de ces mat\u00e9riaux avant le traitement, garantissant ainsi des performances optimales.<\/p>\t\t\t\t\t\t\t\t<\/div>\n\t\t\t\t<\/div>\n\t\t<div class=\"elementor-element elementor-element-42003c5 e-con-full e-flex e-con e-child\" data-id=\"42003c5\" data-element_type=\"container\" data-e-type=\"container\">\n\t\t\t\t<div class=\"elementor-element elementor-element-8fc40db elementor-widget-tablet__width-inherit elementor-widget elementor-widget-heading\" data-id=\"8fc40db\" data-element_type=\"widget\" data-e-type=\"widget\" data-widget_type=\"heading.default\">\n\t\t\t\t\t<h3 class=\"elementor-heading-title elementor-size-default\">5. Des installations souterraines pour un environnement plus propre<\/h3>\t\t\t\t<\/div>\n\t\t\t\t<div class=\"elementor-element elementor-element-7ee4cf6 elementor-widget elementor-widget-text-editor\" data-id=\"7ee4cf6\" data-element_type=\"widget\" data-e-type=\"widget\" data-widget_type=\"text-editor.default\">\n\t\t\t\t\t\t\t\t\t<p>Nos installations sont con\u00e7ues pour <strong>efficacit\u00e9 et s\u00e9curit\u00e9 maximales<\/strong>. Disposer de l&#039;infrastructure \u00e9lectrique et des canalisations <strong>sous terre<\/strong>, nous avons obtenu un espace de travail plus propre et plus organis\u00e9, sans c\u00e2bles visibles, am\u00e9liorant ainsi la s\u00e9curit\u00e9 et l&#039;organisation.<\/p>\t\t\t\t\t\t\t\t<\/div>\n\t\t\t\t<\/div>\n\t\t<div class=\"elementor-element elementor-element-d47909c e-con-full e-flex e-con e-child\" data-id=\"d47909c\" data-element_type=\"container\" data-e-type=\"container\">\n\t\t\t\t<div class=\"elementor-element elementor-element-612e84f elementor-widget-tablet__width-inherit elementor-widget elementor-widget-heading\" data-id=\"612e84f\" data-element_type=\"widget\" data-e-type=\"widget\" data-widget_type=\"heading.default\">\n\t\t\t\t\t<h3 class=\"elementor-heading-title elementor-size-default\">6. Recyclage et r\u00e9utilisation des mat\u00e9riaux<\/h3>\t\t\t\t<\/div>\n\t\t\t\t<div class=\"elementor-element elementor-element-e3058ff elementor-widget elementor-widget-text-editor\" data-id=\"e3058ff\" data-element_type=\"widget\" data-e-type=\"widget\" data-widget_type=\"text-editor.default\">\n\t\t\t\t\t\t\t\t\t<p>Nous veillons \u00e0 ce que <strong>aucun mat\u00e9riau n&#039;est gaspill\u00e9<\/strong>. Tous les restes de plastique sont <strong>recycler et r\u00e9utiliser<\/strong> dans nos processus de production, r\u00e9duisant ainsi la production de d\u00e9chets.<\/p>\t\t\t\t\t\t\t\t<\/div>\n\t\t\t\t<\/div>\n\t\t<div class=\"elementor-element elementor-element-d713fbb e-con-full e-flex e-con e-child\" data-id=\"d713fbb\" data-element_type=\"container\" data-e-type=\"container\">\n\t\t\t\t<div class=\"elementor-element elementor-element-fed7398 elementor-widget-tablet__width-inherit elementor-widget elementor-widget-heading\" data-id=\"fed7398\" data-element_type=\"widget\" data-e-type=\"widget\" data-widget_type=\"heading.default\">\n\t\t\t\t\t<h3 class=\"elementor-heading-title elementor-size-default\">7. S\u00e9paration automatique des mat\u00e9riaux pour le recyclage<\/h3>\t\t\t\t<\/div>\n\t\t\t\t<div class=\"elementor-element elementor-element-3100a43 elementor-widget elementor-widget-text-editor\" data-id=\"3100a43\" data-element_type=\"widget\" data-e-type=\"widget\" data-widget_type=\"text-editor.default\">\n\t\t\t\t\t\t\t\t\t<p>Nous avons <strong>bandes transporteuses avec s\u00e9parateurs de coul\u00e9e<\/strong>, qui facilitent la collecte et la classification des restes de mat\u00e9riaux inject\u00e9s pour un recyclage ult\u00e9rieur, fermant ainsi le cycle de production et minimisant les d\u00e9chets plastiques.<\/p>\t\t\t\t\t\t\t\t<\/div>\n\t\t\t\t<\/div>\n\t\t\t\t\t<\/div>\n\t\t\t\t<\/div>\n\t\t<div class=\"elementor-element elementor-element-108878c e-flex e-con-boxed e-con e-parent\" data-id=\"108878c\" data-element_type=\"container\" data-e-type=\"container\">\n\t\t\t\t\t<div class=\"e-con-inner\">\n\t\t<div class=\"elementor-element elementor-element-0c73b52 e-con-full e-flex e-con e-child\" data-id=\"0c73b52\" data-element_type=\"container\" data-e-type=\"container\" data-settings=\"{&quot;background_background&quot;:&quot;classic&quot;}\">\n\t\t<div class=\"elementor-element elementor-element-e0a435f e-flex e-con-boxed e-con e-child\" data-id=\"e0a435f\" data-element_type=\"container\" data-e-type=\"container\">\n\t\t\t\t\t<div class=\"e-con-inner\">\n\t\t\t\t<div class=\"elementor-element elementor-element-4b395f4 elementor-widget-tablet__width-inherit elementor-widget elementor-widget-heading\" data-id=\"4b395f4\" data-element_type=\"widget\" data-e-type=\"widget\" data-widget_type=\"heading.default\">\n\t\t\t\t\t<h2 class=\"elementor-heading-title elementor-size-default\">Un avenir plus durable<\/h2>\t\t\t\t<\/div>\n\t\t\t\t<div class=\"elementor-element elementor-element-5eaa91e elementor-widget elementor-widget-text-editor\" data-id=\"5eaa91e\" data-element_type=\"widget\" data-e-type=\"widget\" data-widget_type=\"text-editor.default\">\n\t\t\t\t\t\t\t\t\t<p>Chez AP Photo, nous continuons d&#039;innover et d&#039;adopter de nouvelles technologies pour rendre notre production plus <strong>efficace, responsable et durable<\/strong>. Notre objectif est de continuer \u00e0 offrir des produits de haute qualit\u00e9 tout en r\u00e9duisant notre impact sur l&#039;environnement.<\/p>\t\t\t\t\t\t\t\t<\/div>\n\t\t\t\t\t<\/div>\n\t\t\t\t<\/div>\n\t\t\t\t<\/div>\n\t\t\t\t\t<\/div>\n\t\t\t\t<\/div>\n\t\t\t\t<\/div>","protected":false},"excerpt":{"rendered":"<p>Sostenibilidad Compromiso con el medio ambiente En AP Photo, estamos comprometidos con la sostenibilidad y la eficiencia en nuestros procesos productivos. Implementamos soluciones innovadoras que reducen el impacto ambiental sin comprometer la calidad de nuestras piezas. Procesos responsables con el medio ambiente Ante los desaf\u00edos que afrontamos globalmente, queremos ser parte de la soluci\u00f3n. Por [&hellip;]<\/p>\n","protected":false},"author":2,"featured_media":0,"parent":0,"menu_order":0,"comment_status":"closed","ping_status":"closed","template":"elementor_header_footer","meta":{"footnotes":""},"class_list":["post-836","page","type-page","status-publish","hentry"],"_links":{"self":[{"href":"https:\/\/inyeccion.apphoto.es\/fr\/wp-json\/wp\/v2\/pages\/836","targetHints":{"allow":["GET"]}}],"collection":[{"href":"https:\/\/inyeccion.apphoto.es\/fr\/wp-json\/wp\/v2\/pages"}],"about":[{"href":"https:\/\/inyeccion.apphoto.es\/fr\/wp-json\/wp\/v2\/types\/page"}],"author":[{"embeddable":true,"href":"https:\/\/inyeccion.apphoto.es\/fr\/wp-json\/wp\/v2\/users\/2"}],"replies":[{"embeddable":true,"href":"https:\/\/inyeccion.apphoto.es\/fr\/wp-json\/wp\/v2\/comments?post=836"}],"version-history":[{"count":4,"href":"https:\/\/inyeccion.apphoto.es\/fr\/wp-json\/wp\/v2\/pages\/836\/revisions"}],"predecessor-version":[{"id":847,"href":"https:\/\/inyeccion.apphoto.es\/fr\/wp-json\/wp\/v2\/pages\/836\/revisions\/847"}],"wp:attachment":[{"href":"https:\/\/inyeccion.apphoto.es\/fr\/wp-json\/wp\/v2\/media?parent=836"}],"curies":[{"name":"wp","href":"https:\/\/api.w.org\/{rel}","templated":true}]}}